{"id":85,"date":"2019-10-03T19:59:41","date_gmt":"2019-10-03T19:59:41","guid":{"rendered":"https:\/\/patrick-nepper.de\/?page_id=85"},"modified":"2022-02-21T09:59:27","modified_gmt":"2022-02-21T09:59:27","slug":"pressespiegel","status":"publish","type":"page","link":"https:\/\/patrick-nepper.de\/?page_id=85","title":{"rendered":"Pressespiegel"},"content":{"rendered":"\n<h2 id=\"kein-ergebnis-beim-traunsteiner-klimaentscheid\">Kein Ergebnis beim Traunsteiner Klimaentscheid<\/h2>\n\n\n\n<blockquote class=\"wp-block-quote\"><p>Zu kurze Informationskampagne f\u00fcr die Traunsteiner?<br><strong>Der Gr\u00fcnen-Stadtrat Patrick Nepper f\u00fchrt die geringe Wahlbeteiligung auf die recht kurze Informationskampagne der Stadt \u00fcber den Klimaplan und B\u00fcrgerentscheid zur\u00fcck<\/strong>. Wie der Stadtrat mit der neuen Situation umgeht, wird sich in der n\u00e4chsten Stadtratssitzung zeigen. Rein rechtlich gesehen kann die Stadt den Klimaplan nun trotzdem umsetzen. <strong>Die Gr\u00fcnen wollen den Klimaplan jedenfalls nun schnellstm\u00f6glich angehen.<\/strong><\/p><cite>21. Februar 2021 &#8211; <a href=\"https:\/\/www.br.de\/nachrichten\/bayern\/kein-ergebnis-beim-traunsteiner-klimaentscheid,Sy0Z9tN\">https:\/\/www.br.de\/nachrichten\/bayern\/kein-ergebnis-beim-traunsteiner-klimaentscheid,Sy0Z9tN<\/a><\/cite><\/blockquote>\n\n\n\n<h2 id=\"rufbus-in-traunstein-jetzt-klimafreundlich-neues-e-mobil-fahrt-burger-durch-die-stadt\">Rufbus in Traunstein jetzt klimafreundlich: Neues E-Mobil f\u00e4hrt B\u00fcrger durch die Stadt<\/h2>\n\n\n\n<blockquote class=\"wp-block-quote\"><p>Der Rufbus f\u00e4hrt jetzt elektrisch. Oberb\u00fcrgermeister Dr. Christian H\u00fcmmer schaute sich das neue E-Fahrzeug gemeinsam mit Konrad Baur (Referent f\u00fcr Stadtentwicklung, Infrastruktur und Mobilit\u00e4t), Dr. Patrick Nepper (Referent f\u00fcr Umwelt, Regionalit\u00e4t und Nachhaltigkeit) sowie Betriebsleiter Stefan Argyropoulos und Rufbus-Teamleiter Frank Kanestr\u00f6m vom Busbetrieb Hogger GmbH an der Rufbus-Haltestelle am Stadtplatz an.<\/p><cite><em>17. Februar 2022 &#8211; <a href=\"https:\/\/www.traunsteiner-tagblatt.de\/region\/landkreis-traunstein\/traunstein_artikel,-rufbus-in-traunstein-jetzt-klimafreundlich-neues-emobil-faehrt-buerger-durch-die-stadt-_arid,683051.html\">https:\/\/www.traunsteiner-tagblatt.de\/region\/landkreis-traunstein\/traunstein_artikel,-rufbus-in-traunstein-jetzt-klimafreundlich-neues-emobil-faehrt-buerger-durch-die-stadt-_arid,683051.html<\/a><\/em><\/cite><\/blockquote>\n\n\n\n<h2 id=\"burgerentscheid-zum-klimaschutzkonzept\">B\u00fcrgerentscheid zum Klimaschutzkonzept<\/h2>\n\n\n\n<blockquote class=\"wp-block-quote\"><p>Dr. Patrick Nepper (Gr\u00fcne) wollte wissen, ob es aufgrund des B\u00fcrgerentscheids nun zu Verz\u00f6gerungen kommen werde. <strong>\u00bbWir haben das Konzept im September beschlossen. Was passiert von jetzt bis Februar?\u00ab,<\/strong> fragte Nepper. Es komme zu keinerlei Verz\u00f6gerungen, betonte der Oberb\u00fcrgermeister.<\/p><cite><em>30. Oktober 2021 &#8211; <a href=\"https:\/\/www.traunsteiner-tagblatt.de\/region\/landkreis-traunstein\/traunstein_artikel,-buergerentscheid-zum-klimaschutzkonzept-_arid,662065.html\">https:\/\/www.traunsteiner-tagblatt.de\/region\/landkreis-traunstein\/traunstein_artikel,-buergerentscheid-zum-klimaschutzkonzept-_arid,662065.html<\/a><\/em><\/cite><\/blockquote>\n\n\n\n<h2 id=\"traunstein-will-bis-2040-klimaneutral-werden\">Traunstein will bis 2040 klimaneutral werden<\/h2>\n\n\n\n<blockquote class=\"wp-block-quote\"><p><strong>&#8222;Jetzt, da das Konzept da ist, f\u00e4ngt die Arbeit aber erst richtig an&#8220;<\/strong>, sagte der Gr\u00fcnen-Stadtrat Patrick Nepper. <strong>Viele Fragen seien noch offen<\/strong>, etwa wie die Stadt genau aus dem Erdgas aussteige, wie die Verkehrsma\u00dfnahmen konkret aussehen werden und in welcher Form das Klima-Konzept weiter vorangetrieben werde.<\/p><cite><em>14. Oktober 2021 &#8211; <a href=\"https:\/\/www.br.de\/nachrichten\/bayern\/traunstein-will-bis-2040-klimaneutral-werden,Sli8VqP\">https:\/\/www.br.de\/nachrichten\/bayern\/traunstein-will-bis-2040-klimaneutral-werden,Sli8VqP<\/a><\/em><\/cite><\/blockquote>\n\n\n\n<h2 id=\"traunstein-will-bis-2040-klimaneutral-werden-1\">Traunstein will bis 2040 klimaneutral werden<\/h2>\n\n\n\n<blockquote class=\"wp-block-quote\"><p><strong>Dr. Patrick Nepper (Gr\u00fcne) sagte, viele B\u00fcrger und Organisationen h\u00e4tten sich mit ihrem Fachwissen stark eingebracht. Die Arbeit fange jedoch erst an, denn das IKK m\u00fcsse weiterentwickelt werden.<\/strong> Ein wichtiger Punkt sei dabei das Zusammenspiel mit den B\u00fcrgern.<\/p><cite><em>7. Oktober 2021 &#8211; <a href=\"https:\/\/www.pnp.de\/lokales\/landkreis-traunstein\/Traunstein-will-bis-2040-klimaneutral-werden-4125642.html\">https:\/\/www.pnp.de\/lokales\/landkreis-traunstein\/Traunstein-will-bis-2040-klimaneutral-werden-4125642.html<\/a><\/em><\/cite><\/blockquote>\n\n\n\n<h2 id=\"klimaschutzkonzept-fur-traunstein-keine-neue-religion-sondern-frage-der-vernunft\">Klimaschutzkonzept f\u00fcr Traunstein: \u00bbKeine neue Religion, sondern Frage der Vernunft\u00ab<\/h2>\n\n\n\n<blockquote class=\"wp-block-quote\"><p><strong>\u00bbTraunstein hat sich das Ziel gesetzt, bis sp\u00e4testens 2040 klimaneutral zu werden\u00ab, sagte Dr. Patrick Nepper von B\u00fcndnis 90 \/ Die Gr\u00fcnen, Umweltreferent und Mitglied des Steuerkreises f\u00fcr die Erstellung des Klimaschutzkonzepts<\/strong>: \u00bbWir leben 2040 also in einer Stadt, in der Erdgas nicht mehr zum Heizen verwendet wird. Der Rad- und Fu\u00dfverkehr wird deutlich zugenommen haben, es wird \u00f6kologisch gebaut und wirtschaftlich geht es Traunstein besser denn je.\u00ab Das Klimaschutzkonzept sei der \u00bbFahrplan in diese Zukunft\u00ab, so Nepper. Der Umweltreferent lobte alle B\u00fcrger, die sich \u00bbganz stark engagierten\u00ab und an der Erstellung des Klimaschutzkonzepts mitarbeiteten. \u00bbGemeinsam haben sie etwas ganz Wesentliches erreicht: Heute stellen wir n\u00e4mlich bildhaft unsere Klimaschutzrakete an die Startrampe.\u00ab <strong>Klar sei aber, dass die Arbeit erst jetzt richtig anfange.<\/strong> Viele der Erstma\u00dfnahmen im Klimaschutzschutzkonzept seien \u00bbgl\u00fccklicherweise sofort umsetzbar\u00ab.<\/p><cite><em>4. Oktober 2021 &#8211; <a href=\"https:\/\/www.traunsteiner-tagblatt.de\/region\/landkreis-traunstein_artikel,-klimaschutzkonzept-fuer-traunstein-keine-neue-religion-sondern-frage-der-vernunft-_arid,657632.html\">https:\/\/www.traunsteiner-tagblatt.de\/region\/landkreis-traunstein_artikel,-klimaschutzkonzept-fuer-traunstein-keine-neue-religion-sondern-frage-der-vernunft-_arid,657632.html<\/a><\/em><\/cite><\/blockquote>\n\n\n\n<h2 id=\"stadt-traunstein-will-bis-2040-klimaneutral-werden\">Stadt Traunstein will bis 2040 klimaneutral werden<\/h2>\n\n\n\n<blockquote class=\"wp-block-quote\"><p><strong>Dr. Patrick Nepper (B\u00fcndnis 90\/Die Gr\u00fcnen) sagte, der Vorwurf von Baur, dass der B\u00fcrgerantrag keine Ma\u00dfnahmen zur Verringerung des CO2-Aussto\u00dfes enthalte, sei \u00bbein bisschen frech\u00ab.<\/strong> Von den Personen, die sich in der B\u00fcrgerinitiative engagieren, k\u00e4men \u2013 wie sie in den Arbeitskreisen gezeigt h\u00e4tten \u2013 sehr wohl Vorschl\u00e4ge. <strong>Nepper warnte davor, die Umsetzung der angedachten Ma\u00dfnahmen mit einem B\u00fcrgerentscheid zu verz\u00f6gern.<\/strong><\/p><p><strong>\u00bbEs bleibt keine Zeit mehr. Wir m\u00fcssen jetzt handeln\u00ab<\/strong><\/p><p>\u00bbNiemand in Traunstein m\u00f6chte mehr warten.\u00ab Und weiter: <strong>\u00bbEs bleibt keine Zeit mehr. Wir m\u00fcssen jetzt handeln.\u00ab<\/strong> H\u00fcmmer erwiderte, dass keine Verschiebung erfolge. Der B\u00fcrger sei zu beteiligen \u2013 vor allem deswegen, weil Ma\u00dfnahmen anstehen, die zum Teil dreistellige Millionensummen kosten k\u00f6nnten.<\/p><cite><em>2. August 2021 &#8211; <a href=\"https:\/\/www.traunsteiner-tagblatt.de\/region\/landkreis-traunstein\/traunstein_artikel,-stadt-traunstein-will-bis-2040-klimaneutral-werden-_arid,646397.html\">https:\/\/www.traunsteiner-tagblatt.de\/region\/landkreis-traunstein\/traunstein_artikel,-stadt-traunstein-will-bis-2040-klimaneutral-werden-_arid,646397.html<\/a><\/em><\/cite><\/blockquote>\n\n\n\n<h2 id=\"stadtrat-stellt-weichen-fur-neues-baugebiet-in-seiboldsdorf\">Stadtrat stellt Weichen f\u00fcr neues Baugebiet in Seiboldsdorf<\/h2>\n\n\n\n<blockquote class=\"wp-block-quote\"><p>In das gleiche Horn stie\u00df Dr. Patrick Nepper (ebenfalls B\u00fcndnis 90 \/ Die Gr\u00fcnen). <strong>Mit der jetzt vorliegenden Planung verfehle die Stadt das Ziel, Wohnraum gerade f\u00fcr die mittleren und unteren Einkommen zu schaffen<\/strong>, bedauerte auch er, dass nun nur noch ein Vierseithof angedacht ist. <strong>\u00bbIch h\u00e4tte mir mehr Mut f\u00fcr eine nachhaltige Stadtplanung gew\u00fcnscht.\u00ab<\/strong><\/p><cite><em>1. August 2021 &#8211; <a href=\"https:\/\/www.traunsteiner-tagblatt.de\/region\/landkreis-traunstein\/traunstein_artikel,-stadtrat-stellt-weichen-fuer-neues-baugebiet-in-seiboldsdorf-_arid,646118.html\">https:\/\/www.traunsteiner-tagblatt.de\/region\/landkreis-traunstein\/traunstein_artikel,-stadtrat-stellt-weichen-fuer-neues-baugebiet-in-seiboldsdorf-_arid,646118.html<\/a><\/em><\/cite><\/blockquote>\n\n\n\n<h2 id=\"stadtratsitzung-zum-thema-5g-stadt-kann-einfluss-auf-standort-nehmen\">Stadtratsitzung zum Thema 5G: \u00bbStadt kann Einfluss auf Standort nehmen\u00ab<\/h2>\n\n\n\n<blockquote class=\"wp-block-quote\"><p><strong>Besser geeignete Stellen finden<\/strong><br>Dr. Patrick Nepper (Gr\u00fcne) fragte,<strong> ob die Stadt im Rahmen der Bauleitplanung verhindern k\u00f6nne, dass ein Mobilfunkmasten etwa in die N\u00e4he eines sensiblen Bereichs komme<\/strong> \u2013 wie etwa einen Kindergarten. \u00bbNicht ganz\u00ab, sagte dazu Frank Sommer. Aber man k\u00f6nne durchaus seine Spielr\u00e4ume nutzen und durch eine geschickte Standortsuche vielleicht besser geeignete Stellen finden.<\/p><cite><em>22. Mai 2021 &#8211; <a href=\"https:\/\/www.traunsteiner-tagblatt.de\/region\/landkreis-traunstein\/traunstein_artikel,-stadtratsitzung-zum-thema-5g-stadt-kann-einfluss-auf-standort-nehmen-_arid,633795.html\">https:\/\/www.traunsteiner-tagblatt.de\/region\/landkreis-traunstein\/traunstein_artikel,-stadtratsitzung-zum-thema-5g-stadt-kann-einfluss-auf-standort-nehmen-_arid,633795.html<\/a><\/em><\/cite><\/blockquote>\n\n\n\n<h2 id=\"stadt-erstattet-vier-wochen-lang-die-parkgebuhren\">Stadt erstattet vier Wochen lang die Parkgeb\u00fchren<\/h2>\n\n\n\n<blockquote class=\"wp-block-quote\"><p>Nepper meinte, dass der Haushalt \u00bbextrem belastet\u00ab sei. Und auch <strong>er bezweifelte die Wirksamkeit der Ma\u00dfnahme.<\/strong> <strong>Eine in Aussicht stehende R\u00fcckerstattung der Parkgeb\u00fchren da oder dort bringe den Kunden sicherlich nicht dazu, etwa in Traunreut oder in Traunstein einzukaufen<\/strong>. Auch <strong>er forderte, das Geld besser in anderen Bereichen zu investieren<\/strong> \u2013 zum Beispiel in eine weitere Aufwertung der Gr\u00fcnanlagen in der Stadt.<\/p><cite><em>23. April 2021 &#8211; <a href=\"https:\/\/www.traunsteiner-tagblatt.de\/region\/landkreis-traunstein\/traunstein_artikel,-stadt-erstattet-vier-wochen-lang-die-parkgebuehren-_arid,628559.html\">https:\/\/www.traunsteiner-tagblatt.de\/region\/landkreis-traunstein\/traunstein_artikel,-stadt-erstattet-vier-wochen-lang-die-parkgebuehren-_arid,628559.html<\/a><\/em><\/cite><\/blockquote>\n\n\n\n<h2 id=\"rufbus-fahrt-weiter-durch-traunstein\">Rufbus f\u00e4hrt weiter durch Traunstein<\/h2>\n\n\n\n<blockquote class=\"wp-block-quote\"><p><strong>Dr. Patrick Nepper (B\u00fcndnis 90\/Die Gr\u00fcnen) regte an, Kinder und Jugendliche kostenlos im Rufbus mitfahren zu lassen.<\/strong> So k\u00f6nne man auch das Interesse in dieser Altersgruppe wecken. <strong>Wenn Kinder und Jugendliche einsteigen, dann fahren laut Nepper auch Erwachsene mit \u2013 und dann komme unterm Strich im Falle einer Befreiung der jungen Fahrg\u00e4ste nicht weniger, sondern sogar mehr in die Kasse<\/strong>.<\/p><cite><em>13. M\u00e4rz 2021 &#8211; <a href=\"https:\/\/www.traunsteiner-tagblatt.de\/region\/landkreis-traunstein\/traunstein_artikel,-rufbus-faehrt-weiter-durch-traunstein-_arid,621199.html\">https:\/\/www.traunsteiner-tagblatt.de\/region\/landkreis-traunstein\/traunstein_artikel,-rufbus-faehrt-weiter-durch-traunstein-_arid,621199.html<\/a><\/em><\/cite><\/blockquote>\n\n\n\n<h2 id=\"klimaaktivisten-in-traunstein-durfen-mitreden\">Klimaaktivisten in Traunstein d\u00fcrfen mitreden<\/h2>\n\n\n\n<blockquote class=\"wp-block-quote\"><p><strong>Dr. Patrick Nepper (B\u00fcndnis 90\/Die Gr\u00fcnen), der Referent f\u00fcr Umwelt, Regionalit\u00e4t und Nachhaltigkeit, meinte, dass die Stadt die jungen Leute ernst nehmen m\u00fcsse.<\/strong> Er hoffe, die Einbindung in die Erstellung des Klimaschutzkonzepts komme als \u00bbSignal\u00ab an, \u00bbdass wir die jungen Menschen mit auf die Reise nehmen\u00ab.<\/p><cite><em>4. Dezember 2020 &#8211; <a href=\"https:\/\/www.traunsteiner-tagblatt.de\/region\/landkreis-traunstein\/traunstein_artikel,-klimaaktivisten-in-traunstein-duerfen-mitreden-_arid,603525.html\">https:\/\/www.traunsteiner-tagblatt.de\/region\/landkreis-traunstein\/traunstein_artikel,-klimaaktivisten-in-traunstein-duerfen-mitreden-_arid,603525.html<\/a><\/em><\/cite><\/blockquote>\n\n\n\n<h2 id=\"stossluften-in-den-schulen-probleme-beim-anbau-der-ludwig-thoma-grundschule\">Sto\u00dfl\u00fcften in den Schulen: Probleme beim Anbau der Ludwig-Thoma-Grundschule<\/h2>\n\n\n\n<blockquote class=\"wp-block-quote\"><p><strong>Dr. Patrick Nepper (Gr\u00fcne) fragte, ob nicht noch mehr getan werden k\u00f6nnte \u2013 wie etwa das Aufstellen von Plexiglasscheiben auf den Tischen und Luftreinigungsger\u00e4te f\u00fcr alle Klassenzimmer<\/strong>. \u00bbJetzt kommt die kalte Zeit. Da kann das L\u00fcften sehr unangenehm sein\u00ab, gab er eine Sorge von Eltern weiter.<\/p><cite><em>2. Dezember 2020 &#8211; <a href=\"https:\/\/www.traunsteiner-tagblatt.de\/region\/landkreis-traunstein\/traunstein_artikel,-stosslueften-in-den-schulen-probleme-beim-anbau-der-ludwigthomagrundschule-_arid,602926.html\">https:\/\/www.traunsteiner-tagblatt.de\/region\/landkreis-traunstein\/traunstein_artikel,-stosslueften-in-den-schulen-probleme-beim-anbau-der-ludwigthomagrundschule-_arid,602926.html<\/a><\/em><\/cite><\/blockquote>\n\n\n\n<h2 id=\"autofreier-stadtplatz-in-traunstein\">Autofreier Stadtplatz in Traunstein?<\/h2>\n\n\n\n<blockquote class=\"wp-block-quote\"><p><strong>Gr\u00fcnen-Stadtrat Dr. Patrick Nepper, aus dessen Feder der Antrag stammt, betonte: \u00bbWir wollen das Beste f\u00fcr die Stadt rausholen.\u00ab<\/strong> So ein Antrag \u00bbmuss ja noch nicht perfekt sein\u00ab, man sei jederzeit gespr\u00e4chsbereit. <strong>Die Idee sei, \u00bbeinen Raum zu schaffen, der Atmosph\u00e4re hat\u00ab.<\/strong> Auch das k\u00f6nne ein Argument daf\u00fcr sein, dass Leute in die Stadt kommen. [&#8230;]<\/p><cite>19. Juni 2020 &#8211; <a href=\"https:\/\/www.traunsteiner-tagblatt.de\/region\/landkreis-traunstein\/traunstein_artikel,-autofreier-stadtplatz-in-traunstein-das-ist-nicht-die-zeit-fuer-versuche-_arid,574790.html\">https:\/\/www.traunsteiner-tagblatt.de\/region\/landkreis-traunstein\/traunstein_artikel,-autofreier-stadtplatz-in-traunstein-das-ist-nicht-die-zeit-fuer-versuche-_arid,574790.html<\/a><\/cite><\/blockquote>\n\n\n\n<h2 id=\"autos-raus-aus-der-innenstadt-dieser-antrag-schlagt-hohe-wellen\">Autos raus aus der Innenstadt? Dieser Antrag schl\u00e4gt hohe Wellen<\/h2>\n\n\n\n<blockquote class=\"wp-block-quote\"><p><strong>Ein Bereich, in dem keine Autos fahren, in dem man die Kinder laufen lassen kann und in dem mit der Au\u00dfengastronomie eine ganz besondere Atmosph\u00e4re entsteht<\/strong> &#8211; so stellt es sich Gr\u00fcnen-Stadtrat Patrick Nepper vor, aus dessen Feder der Antrag stammt. &#8222;Es w\u00e4re doch eine Chance, wenn jeder Einzelh\u00e4ndler \u00fcberlegt, wie er den Platz vor seinem Gesch\u00e4ft dann neu nutzen kann.&#8220;<\/p><cite>18. Juni 2020 &#8211; <a href=\"https:\/\/www.chiemgau24.de\/chiemgau\/traunstein\/traunstein-ort29586\/traunstein-antrag-gruenen-autofreiem-stadtplatz-taubenmarkt-13802260.html\">https:\/\/www.chiemgau24.de\/chiemgau\/traunstein\/traunstein-ort29586\/traunstein-antrag-gruenen-autofreiem-stadtplatz-taubenmarkt-13802260.html<\/a><\/cite><\/blockquote>\n\n\n\n<h2 id=\"traunsteiner-burger-bekommen-gutscheine-fur-die-gaststatten\">Traunsteiner B\u00fcrger bekommen Gutscheine f\u00fcr die Gastst\u00e4tten<\/h2>\n\n\n\n<blockquote class=\"wp-block-quote\"><p>Auch Dr. Patrick Nepper (B\u00fcndnis 90\/Die Gr\u00fcnen) begr\u00fc\u00dfte die Ma\u00dfnahmen, die den Wirten in der Stadt zugute kommen. <strong>Dar\u00fcber hinaus m\u00fcsse man jedoch nachdenken, \u00bbwas wir noch tun k\u00f6nnen\u00ab. So m\u00fcsse man daf\u00fcr Sorge tragen, dass die Begeisterung f\u00fcr Traunstein anh\u00e4lt \u2013 etwa auch mit Verkehrsberuhigungen.<\/strong><\/p><cite>30. Mai 2020 &#8211; <a href=\"https:\/\/www.traunsteiner-tagblatt.de\/region\/landkreis-traunstein\/traunstein_artikel,-traunsteiner-buerger-bekommen-gutscheine-fuer-die-gaststaetten-_arid,571610.html\">https:\/\/www.traunsteiner-tagblatt.de\/region\/landkreis-traunstein\/traunstein_artikel,-traunsteiner-buerger-bekommen-gutscheine-fuer-die-gaststaetten-_arid,571610.html<\/a><\/cite><\/blockquote>\n\n\n\n<h2 id=\"die-vorhaben-der-neuen-grunen-stadtratsfraktion\">Die Vorhaben der neuen Gr\u00fcnen Stadtratsfraktion<\/h2>\n\n\n\n<blockquote class=\"wp-block-quote\"><p><strong>Stadtrat Dr. Patrick Nepper ist neuer Referent f\u00fcr Umwelt, Regionalit\u00e4t und Nachhaltigkeit.<\/strong> Er erinnerte an eine Abstimmung w\u00e4hrend der vergangenen Stadtratsperiode. Dort wurde zun\u00e4chst der Antrag der Gr\u00fcnen zur Ausrufung des Klimanotstands abgelehnt. <strong>Damals fand dann ein Alternativantrag eine Mehrheit, dass jeder Beschluss des Stadtrats auf seine Klima-Auswirkungen angeschaut werden muss. &#8222;Das muss jetzt umgesetzt werden&#8220;, forderte Dr. Nepper.<\/strong><\/p><cite>18. Mai 2020 &#8211; <a href=\"https:\/\/www.chiemgau24.de\/chiemgau\/traunstein\/traunstein-ort29586\/traunstein-vorhaben-neuen-gruenen-stadtratsfraktion-13767307.html\">https:\/\/www.chiemgau24.de\/chiemgau\/traunstein\/traunstein-ort29586\/traunstein-vorhaben-neuen-gruenen-stadtratsfraktion-13767307.html<\/a><\/cite><\/blockquote>\n\n\n\n<h2 id=\"ob-hummer-wir-haben-viel-arbeit-vor-uns\">OB H\u00fcmmer: \u00bbWir haben viel Arbeit vor uns\u00ab<\/h2>\n\n\n\n<blockquote class=\"wp-block-quote\"><p>Neu im Stadtrat sind f\u00fcr die CSU Simon Schreiber, Konrad Baur, Andrea Maier, Andreas Kaiser, Rolf Wassermann und Hans Zillner jun., f\u00fcr die Gr\u00fcnen sitzen neu im Stadtrat Helga Mandl, Dr. Patrick Nepper, Ursula Lutzenberger und Valentin Rausch, f\u00fcr die SPD ist es Nils B\u00f6deker und f\u00fcr die UW Tobias Steinberger. Von der Traunsteiner Liste hat es B\u00fcrgermeisterkandidat Simon Steiner neu in den Stadtrat geschafft. Die Linke wird von Denis Holl vertreten und die vor der Wahl neu gegr\u00fcndete Initiative Traunstein von Susanne Deckert und Georg Osenst\u00e4tter. Sie alle wurden in der konstituierenden Sitzung vereidigt.<\/p><cite>9. Mai 2020 &#8211; <a href=\"https:\/\/www.traunsteiner-tagblatt.de\/region\/landkreis-traunstein\/traunstein_artikel,-ob-huemmer-wir-haben-viel-arbeit-vor-uns-_arid,568180.html\">https:\/\/www.traunsteiner-tagblatt.de\/region\/landkreis-traunstein\/traunstein_artikel,-ob-huemmer-wir-haben-viel-arbeit-vor-uns-_arid,568180.html<\/a><\/cite><\/blockquote>\n\n\n\n<h2 id=\"von-der-corona-krise-in-die-goldenen-20er-jahre\">Von der Corona-Krise in die &#8222;goldenen 20er-Jahre&#8220;<\/h2>\n\n\n\n<blockquote class=\"wp-block-quote\"><p>Weil die Stadt inzwischen \u00fcber die 20.000-Einwohner-Marke gesprungen ist, sitzen nun 30 Vertreter im Stadtrat. Die neuen Gesichter sind Andrea Maier, Konrad Baur, Andreas Kaiser, Simon Schreiber, Rolf Wassermann, Hans Zillner junior (alle CSU), Ursula Lutzenberger, Helga Mandl, Patrick Nepper, Valentin Rausch (alle Gr\u00fcne), Nils B\u00f6deker (SPD), Susanne Deckert, Georg Osenst\u00e4tter (beide Initiative TS), Tobias Steinberger (UW), Simon Steiner (TS-Liste) und Denis Holl (Die Linke). [&#8230;]<br><br>Die neuen Referenten im Traunsteiner Stadtrat [&#8230;]<br>Digitalisierung: Helga Mandl [&#8230;]<br>Jugend: Thomas Stadler [&#8230;]<br>Sport und Ehrenamt: Valentin Rausch [&#8230;]<br>St\u00e4dtepartnerschaften: Wilfried Schott [&#8230;]<br><strong>Umwelt, Regionalit\u00e4t und Nachhaltigkeit: Patrick Nepper<\/strong> [&#8230;]<\/p><cite>8. Mai 2020 &#8211; <a href=\"https:\/\/www.chiemgau24.de\/chiemgau\/traunstein\/traunstein-ort29586\/traunstein-konstituierende-sitzung-stadtrates-vereidigung-oberbuergermeister-huemmer-13754067.html\">https:\/\/www.chiemgau24.de\/chiemgau\/traunstein\/traunstein-ort29586\/traunstein-konstituierende-sitzung-stadtrates-vereidigung-oberbuergermeister-huemmer-13754067.html<\/a><\/cite><\/blockquote>\n\n\n\n<h2 id=\"online-plattform-hey-bayern-geht-an-den-start\">Online Plattform HEY.BAYERN geht an den Start<\/h2>\n\n\n\n<blockquote class=\"wp-block-quote\"><p>Unterst\u00fctzung erh\u00e4lt die Plattform unter anderem von der Stadt Traunstein und den Gr\u00fcnen.<strong>&#8222;Jetzt alles auf Amazon zu bestellen ist nicht nachhaltig, sondern gef\u00e4hrdet die Existenz unserer Traunsteiner Betriebe. Das ist auch garnicht n\u00f6tig, denn: Man erh\u00e4lt auch weiterhin alles was man braucht. Die regionalen Betriebe haben sich sehr schnell angepasst.&#8220;<\/strong>, sagt Dr. Patrick Nepper.<\/p><cite>21. April 2020 &#8211; <a href=\"https:\/\/www.chiemgau24.de\/chiemgau\/traunstein\/traunstein-ort29586\/traunstein-online-plattform-heybayern-geht-start-13682950.html\">https:\/\/www.chiemgau24.de\/chiemgau\/traunstein\/traunstein-ort29586\/traunstein-online-plattform-heybayern-geht-start-13682950.html<\/a><\/cite><\/blockquote>\n\n\n\n<h2 id=\"traunsteiner-stadtrat-wird-bunter-sieben-parteien-und-gruppierungen-ziehen-ein\">Traunsteiner&nbsp;Stadtrat wird bunter: Sieben Parteien und Gruppierungen ziehen ein<\/h2>\n\n\n\n<blockquote class=\"wp-block-quote\"><p><strong>Sieben Sitze f\u00fcr die Gr\u00fcnen<br>F\u00fcr die Gr\u00fcnen (55.492 Stimmen\/22,25 Prozent) sitzen im neuen Stadtrat: Burgi M\u00f6rtl-K\u00f6rner, die Oberb\u00fcrgermeisterkandidatin (5864 Stimmen), Thomas Stadler (3271), Wilfried Schott (3123), Helga Mandl (2578), Dr. Patrick Nepper (2371), Ursula Lutzenberger (2369) und Valentin Rausch (2224).<\/strong> Von den amtierenden Stadtr\u00e4ten hat Wolfgang W\u00f6rner (1956) den Wiedereinzug nicht geschafft. M\u00f6rtl-K\u00f6rner, Stadler und Schott haben weiter Sitz und Stimme im Gremium, an ihrer Seite stehen k\u00fcnftig neu Mandl, Nepper, Lutzenberger und Rausch. <\/p><cite>17. M\u00e4rz 2020 &#8211; <a href=\"https:\/\/www.traunsteiner-tagblatt.de\/region\/landkreis-traunstein\/traunstein_artikel,-traunsteiner-stadtrat-wird-bunter-sieben-parteien-und-gruppierungen-ziehen-ein-_arid,559391.html\">https:\/\/www.traunsteiner-tagblatt.de\/region\/landkreis-traunstein\/traunstein_artikel,-traunsteiner-stadtrat-wird-bunter-sieben-parteien-und-gruppierungen-ziehen-ein-_arid,559391.html<\/a><\/cite><\/blockquote>\n\n\n\n<h2 id=\"traunstein-sieben-parteien-teilen-sich-30-sitze-zuwachs-bei-csu-und-grunen-linke-im-rat\">Traunstein: Sieben Parteien teilen sich 30 Sitze \u2013 Zuwachs bei CSU und Gr\u00fcnen \u2013 Linke im Rat<\/h2>\n\n\n\n<blockquote class=\"wp-block-quote\"><p><strong>Die Gr\u00fcnen l\u00f6sen als zweitst\u00e4rkste Kraft mit 22,25 Prozent und sieben Sitzen \u2013 drei mehr als bisher \u2013 die SPD ab.<\/strong> Sie profitieren vom guten Gesamtergebnis f\u00fcr die Partei, Die OB-Kandidatin und bisherige Fraktionschefin Burgi M\u00f6rtl-K\u00f6rner hat dagegen als Stimmenk\u00f6nigin mit 10,57 Prozent rund sechs Punkte gegn\u00fcber 2014 eingeb\u00fc\u00dft. Ihr zur Seite stehen wie bisher Wilfried Schott und Thomas Stadler im Stadtrat. Neu einziehen werden Helga Mandl, Dr. Patrick Nepper, Valentin Rausch und Ursula Lutzenberger.<\/p><cite>16. M\u00e4rz 2020 &#8211; https:\/\/www.ovb-online.de\/rosenheim\/chiemgau\/traunstein-sieben-parteien-teilen-sich-sitze-zuwachs-gruenen-linke-13601410.html<\/cite><\/blockquote>\n\n\n\n<h2 id=\"traunsteiner-slow-roll-bricht-erneut-teilnehmerrekord-organisatoren-stellen-forderungen\">Traunsteiner &#8222;Slow Roll&#8220; bricht erneut Teilnehmerrekord &#8211; ORGANISATOREN STELLEN FORDERUNGEN<\/h2>\n\n\n\n<blockquote class=\"wp-block-quote\"><p>Dr. Patrick Nepper, Stadtratskandidat bei B\u00fcndnis 90\/Die Gr\u00fcnen in Traunstein, f\u00fcgt hinzu:&nbsp;<strong>&#8222;Wir fordern daher bis zum Ende der n\u00e4chsten Stadtratsperiode, d.h. bis 2026, in Traunstein drei konkrete Ver\u00e4nderungen:<\/strong>&nbsp;Erstens wollen wir ein l\u00fcckenloses, sicheres und komfortables Radwegenetz umzusetzen. Zweitens, es sollen sichere und komfortable Abstellm\u00f6glichkeiten an zentralen Orten geschaffen werden. Und drittens, m\u00fcssen sowohl Kinder als auch Senioren, und alle Arten von Fahrr\u00e4dern ber\u00fccksichtigt werden. Also auch Lastenr\u00e4der und Radl mit Anh\u00e4ngern.&#8220;<\/p><cite>3. M\u00e4rz 2020 &#8211; <a href=\"https:\/\/www.chiemgau24.de\/chiemgau\/traunstein\/traunstein-ort29586\/traunstein-slow-roll-bricht-erneut-teilnehmerrekord-13570810.html\">https:\/\/www.chiemgau24.de\/chiemgau\/traunstein\/traunstein-ort29586\/traunstein-slow-roll-bricht-erneut-teilnehmerrekord-13570810.html<\/a><\/cite><\/blockquote>\n\n\n\n<h2 id=\"teilnehmerrekord-beim-slow-roll-durch-die-traunsteiner-innenstadt\">Teilnehmerrekord beim \u00bbSlow Roll\u00ab durch die Traunsteiner Innenstadt<\/h2>\n\n\n\n<blockquote class=\"wp-block-quote\"><p>Als &#8218;Fahrradstadt&#8216; will Traunstein eigentlich eine Vorreiterrolle \u00fcbernehmen. Daf\u00fcr w\u00e4ren laut Plan bereits 300.000 Euro pro Jahr erforderlich. Wir fordern, den Worten Taten folgen zu lassen und den st\u00e4dtischen Haushalt entsprechend umzuschichten\u00ab, so Dr. Patrick Nepper vom Traunstein Bicycle Club. Er ist Stadtratskandidat der Gr\u00fcnen.<\/p><cite>4. Februar 2020 &#8211; <a href=\"https:\/\/www.traunsteiner-tagblatt.de\/region\/landkreis-traunstein\/traunstein_artikel,-teilnehmerrekord-beim-slow-roll-durch-die-traunsteiner-innenstadt-_arid,550719.html\">https:\/\/www.traunsteiner-tagblatt.de\/region\/landkreis-traunstein\/traunstein_artikel,-teilnehmerrekord-beim-slow-roll-durch-die-traunsteiner-innenstadt-_arid,550719.html<\/a><\/cite><\/blockquote>\n\n\n\n<h2 id=\"traunsteiner-slow-roll-bricht-teilnehmerrekord\">Traunsteiner \u201cSlow Roll\u201d bricht Teilnehmerrekord<\/h2>\n\n\n\n<blockquote class=\"wp-block-quote\"><p>\u201cDer Nationale Radverkehrsplan des Bundesministeriums f\u00fcr Verkehr empfiehlt bei Traunsteins Einwohnerzahl ein&nbsp;<strong>j\u00e4hrliches Budget von mindestens 120.000 Euro bis 260.000 Euro<\/strong>, um erste Schritte im Radwegebau zu machen. Das ist eine Minimalforderung, die Traunstein bisher nicht erf\u00fcllt [&#8230;], so Dr. Patrick Nepper.<\/p><cite>3. Februar 2020 &#8211; <a href=\"https:\/\/www.chiemgau24.de\/chiemgau\/traunstein\/traunstein-ort29586\/traunstein-traunsteiner-slow-roll-bricht-teilnehmerrekord-13518820.html\">https:\/\/www.chiemgau24.de\/chiemgau\/traunstein\/traunstein-ort29586\/traunstein-traunsteiner-slow-roll-bricht-teilnehmerrekord-13518820.html<\/a><\/cite><\/blockquote>\n\n\n\n<h2 id=\"mobilitat-neu-denken\">&#8222;Mobilit\u00e4t neu denken&#8220;<\/h2>\n\n\n\n<blockquote class=\"wp-block-quote\"><p>Dr. Patrick Nepper gab zu bedenken, dass der Bau von mehr Radwegen teuer werden wird, da m\u00fcsse im Haushalt deutlich mehr Geld eingeplant werden als bisher.<\/p><cite>20. Januar 2020 &#8211; <a href=\"https:\/\/www.chiemgau24.de\/chiemgau\/traunstein\/traunstein-ort29586\/kommunalwahl-2020-stadtratswahl-traunstein-mobilitaet-denken-thema-beim-buergergespraech-13454502.html\">https:\/\/www.chiemgau24.de\/chiemgau\/traunstein\/traunstein-ort29586\/kommunalwahl-2020-stadtratswahl-traunstein-mobilitaet-denken-thema-beim-buergergespraech-13454502.html<\/a><\/cite><\/blockquote>\n\n\n\n<p><\/p>\n\n\n\n<h2 id=\"unsere-ideen-fur-traunstein\">Unsere Ideen f\u00fcr Traunstein<\/h2>\n\n\n\n<blockquote class=\"wp-block-quote\"><p>Patrick Nepper f\u00e4hrt alle Strecken in Traunstein mit dem Fahrrad und kennt somit alle Probleme der Radler.&nbsp;<strong>&#8222;Jedes Ziel ist in Traunstein mit dem Auto von vier Richtungen anfahrbar, aber nicht mit dem Fahrrad&#8220;<\/strong>, sagte er. Er fordert spezielle Fahrradampeln, farbig markierte Radwege, Fahrradgaragen und -stellpl\u00e4tze und ein wesentlich h\u00f6heres Budget f\u00fcr derartige Ma\u00dfnahmen.<\/p><cite>17. Januar 2020 &#8211; <a href=\"https:\/\/www.chiemgau24.de\/chiemgau\/traunstein\/traunstein-ort29586\/kommunalwahl-2020-stadtratswahl-traunstein-gruene-stadtrats-kandidaten-stellten-wahlprogramm-13449026.html\">https:\/\/www.chiemgau24.de\/chiemgau\/traunstein\/traunstein-ort29586\/kommunalwahl-2020-stadtratswahl-traunstein-gruene-stadtrats-kandidaten-stellten-wahlprogramm-13449026.html<\/a><\/cite><\/blockquote>\n\n\n\n<h2 id=\"slow-roll-radler-trotzen-kalte-und-regen\">&#8222;Slow Roll&#8220; &#8211; Radler trotzen K\u00e4lte und Regen<\/h2>\n\n\n\n<blockquote class=\"wp-block-quote\"><p>&#8222;Die gute Resonanz zeigt, dass sich viele Traunsteiner bessere Bedingungen f\u00fcr Radfahrer w\u00fcnschen. Deshalb haben wir auch bei der Podiumsdiskussion &#8218;Mehr Platz f\u00fcrs Rad&#8216; eine sofortige Erh\u00f6hung des st\u00e4dtischen Budgets f\u00fcr Fahrradwegebau im kommenden Jahr gefordert&#8220;, sagt Patrick Nepper.<\/p><cite>2. Dezember 2019 &#8211; <a href=\"https:\/\/www.chiemgau24.de\/chiemgau\/traunstein\/traunstein-ort29586\/traunstein-slow-roll-radler-trotzen-kaelte-regen-13264904.html\">https:\/\/www.chiemgau24.de\/chiemgau\/traunstein\/traunstein-ort29586\/traunstein-slow-roll-radler-trotzen-kaelte-regen-13264904.html<\/a><\/cite><\/blockquote>\n\n\n\n<h2 id=\"klimaschutz-in-traunstein-veranstaltung-der-grunen\">&#8222;Klimaschutz in Traunstein&#8220;: Veranstaltung der Gr\u00fcnen<\/h2>\n\n\n\n<blockquote class=\"wp-block-quote\"><p>&#8222;Bei einer Erw\u00e4rmung von 1,8\u00b0 werden wir klimatische Verh\u00e4ltnisse wie Ostafrika haben.&#8220; so Stadtratskandidat Dr. Patrick Nepper gleich zu Beginn der Veranstaltung. Basierend auf den Berichten des Weltklimarats veranschaulichte er den aktuellen Stand der Wissenschaft zur Klimaerw\u00e4rmung:&nbsp;<strong>&#8222;Die globale Erw\u00e4rmung auf 2\u00b0 zu begrenzen, erfordert unvorstellbare Verminderungen unserer CO2-Emissionen.<\/strong>&nbsp;Jeder einzelne von uns, aber auch die Kommunen m\u00fcssen mitmachen.&#8220;<\/p><cite>21. November 2019 &#8211; <a href=\"https:\/\/www.chiemgau24.de\/chiemgau\/traunstein\/traunstein-ort29586\/traunstein-klimaschutz-traunstein-veranstaltung-gruenen-13238761.html\">https:\/\/www.chiemgau24.de\/chiemgau\/traunstein\/traunstein-ort29586\/traunstein-klimaschutz-traunstein-veranstaltung-gruenen-13238761.html<\/a><br>9. Dezember 2019 &#8211; <a href=\"https:\/\/plus.pnp.de\/lokales\/landkreis_traunstein\/3538870_Autofreies-Wochenende-ausprobieren.html\">https:\/\/plus.pnp.de\/lokales\/landkreis_traunstein\/3538870_Autofreies-Wochenende-ausprobieren.html<\/a><\/cite><\/blockquote>\n\n\n\n<h2 id=\"ein-zeichen-setzen-furs-radeln\">Ein Zeichen setzen f\u00fcrs Radeln<\/h2>\n\n\n\n<blockquote class=\"wp-block-quote\"><p>Der Traunstein Bicycle Club ist eine Initiative, die im Juni 2019 von Nils B\u00f6deker, Ilja Frank und Dr. Patrick Nepper gegr\u00fcndet wurde. Ziel ist es, Traunstein in einen perfekten Raum f\u00fcrs Radeln zu verwandeln.<\/p><cite>29. Oktober 2019 &#8211; <a href=\"https:\/\/www.traunsteiner-tagblatt.de\/region\/landkreis-traunstein\/traunstein_artikel,-ein-zeichen-setzen-fuers-radeln-_arid,528080.html\">https:\/\/www.traunsteiner-tagblatt.de\/region\/landkreis-traunstein\/traunstein_artikel,-ein-zeichen-setzen-fuers-radeln-_arid,528080.html<\/a><\/cite><\/blockquote>\n\n\n\n<h2 id=\"traunstein-setzt-ein-zeichen-furs-radeln\">Traunstein setzt ein Zeichen f\u00fcrs Radeln<\/h2>\n\n\n\n<blockquote class=\"wp-block-quote\"><p>Traunstein &#8211;&nbsp;Zum dritten Mal traf sich am vergangenen Freitag der &#8222;Traunstein Bicycle Club&#8220; f\u00fcr eine gem\u00fctliche Radltour durch Traunstein.<br>&#8222;Wir wollen Traunstein in einen perfekten Raum f\u00fcrs Radeln verwandeln&#8220;, sagt Nils B\u00f6deker, einer der Initiatoren des &#8222;Traunstein Bicycle Club&#8220;. Patrick Nepper f\u00fcgt hinzu:&nbsp;<strong>&#8222;Wir sind total begeistert, dass bei unserem dritten &#8218;Slow Roll&#8216; gleich 50 Teilnehmer*innen am Start waren! Die Leute wollen, dass sich was \u00e4ndert!&#8220;<\/strong>. Ilja Frank meint: &#8222;Die Idee zum Slow Roll stammt aus Amerika: In Detroit treffen sich w\u00f6chentlich Radler*innen aller Art um gemeinsam langsam durch die Stadt zu radeln. Wie man sieht funktioniert das auch in Traunstein. Radeln muss sicherer und einfacher werden.&#8220; Der n\u00e4chste Slow Roll findet im November statt und wird auf&nbsp;<a rel=\"noreferrer noopener\" href=\"http:\/\/www.traunstein-bicycle-club.de\/\" target=\"_blank\">www.traunstein-bicycle-club.de<\/a>&nbsp;angek\u00fcndigt.<br><em>Pressemitteilung&nbsp;Traunstein Bicycle Club<\/em><\/p><cite>28. Oktober 2019 &#8211; <a href=\"https:\/\/www.chiemgau24.de\/chiemgau\/traunstein\/traunstein-ort29586\/traunstein-slow-roll-traunstein-setzt-zeichen-fuers-radeln-13176017.html\">https:\/\/www.chiemgau24.de\/chiemgau\/traunstein\/traunstein-ort29586\/traunstein-slow-roll-traunstein-setzt-zeichen-fuers-radeln-13176017.html<\/a><\/cite><\/blockquote>\n\n\n\n<h2 id=\"diese-30-traunsteiner-kandidieren-auf-der-grunen-stadtratsliste\">Diese 30 Traunsteiner kandidieren auf der Gr\u00fcnen-Stadtratsliste<\/h2>\n\n\n\n<blockquote class=\"wp-block-quote\"><p>Dr.&nbsp;<strong>Patrick Nepper<\/strong>&nbsp;ist fassungslos dar\u00fcber, dass \u201eder Rinderzuchtverband den Festplatz vor Wolkersdorf nachbauen will\u201c. Sein Thema ist der Stopp der immensen Fl\u00e4chenversiegelung: Er wurde von den Mitgliedern auf Platz 6 gew\u00e4hlt. Dr. Nepper m\u00f6chte sich weiters f\u00fcr sicheres Radfahren in Traunstein einsetzen und er berichtete: \u201eIm st\u00e4dtischen Haushalt finde ich bei 2 Millionen Euro f\u00fcr Stra\u00dfenbau nur ein Prozent dieser Summe f\u00fcr Radwege!\u201c Dass er das in der Zukunft ganz anders haben m\u00f6chte, wurde in seiner Bewerbungsrede sehr deutlich.<\/p><cite>4. Oktober 2019 &#8211; <a href=\"https:\/\/www.chiemgau24.de\/chiemgau\/traunstein\/traunstein-ort29586\/kommunalwahl-2020-stadtratswahl-traunstein-listenkandidaten-gruenen-13066398.html\">https:\/\/www.chiemgau24.de\/chiemgau\/traunstein\/traunstein-ort29586\/kommunalwahl-2020-stadtratswahl-traunstein-listenkandidaten-gruenen-13066398.html<\/a><\/cite><\/blockquote>\n\n\n\n<h2 id=\"grune-diskutieren-mit-ludwig-hartmann-und-burgi-mortl-korner\">Gr\u00fcne diskutieren mit Ludwig Hartmann und Burgi M\u00f6rtl-K\u00f6rner<\/h2>\n\n\n\n<blockquote class=\"wp-block-quote\"><p>Patrick Nepper stellte schlie\u00dflich eine Frage an Stadtr\u00e4tin Burgi M\u00f6rtl-K\u00f6rner: \u201eWurde denn im Stadtrat beim Thema Rinderzuchtverband eine fl\u00e4chensparendere L\u00f6sung und das Thema Erbpacht f\u00fcr das Grundst\u00fcck in Wolkersdorf diskutiert?\u201c Burgi M\u00f6rtl-K\u00f6rner verneinte dies: \u201eDas st\u00e4dtische Grundst\u00fcck soll verkauft werden und es werden auch dort sehr viele Parkpl\u00e4tze entstehen.\u201c<\/p><p>Der&nbsp;<strong>extreme Fl\u00e4chenverbrauch<\/strong>&nbsp;wird f\u00fcr die Traunsteiner Gr\u00fcnen sicher ein zentrales Thema bei der Stadtrats- und Oberb\u00fcrgermeisterwahl im kommenden Jahr sein.<\/p><cite>1. Oktober 2019 &#8211; <a href=\"https:\/\/www.chiemgau24.de\/chiemgau\/traunstein\/traunstein-ort29586\/traunstein-gruene-diskutieren-extremen-flaechenverbrauch-bayern-13055970.html\">https:\/\/www.chiemgau24.de\/chiemgau\/traunstein\/traunstein-ort29586\/traunstein-gruene-diskutieren-extremen-flaechenverbrauch-bayern-13055970.html<\/a><\/cite><\/blockquote>\n\n\n\n<h2 id=\"rund-700-teilnehmer-demonstrierten-in-traunstein-fur-das-klima\">Rund 700 Teilnehmer&nbsp;demonstrierten in Traunstein f\u00fcr das Klima<\/h2>\n\n\n\n<blockquote class=\"wp-block-quote\"><p>F\u00fcr mehr Fahrradfreundlichkeit in der Gro\u00dfen Kreisstadt setzt sich der neu gegr\u00fcndete Traunstein Bicycle Club ein, berichtete Patrick Nepper. F\u00fcr den Stra\u00dfenbau w\u00fcrden in der Stadt 2 Millionen Euro ausgegeben, f\u00fcr Fahrradwege nur 20.000 Euro. \u00bbWir wollen die Belange der Radler in Traunstein st\u00e4rker hervorheben, auch durch regelm\u00e4\u00dfige Demo-Fahrten.\u00ab Das n\u00e4chste Treffen ist am kommenden Montag um 18 Uhr am Lindlbrunnen.<\/p><cite>20. September 2019 &#8211; <a href=\"https:\/\/www.traunsteiner-tagblatt.de\/region\/landkreis-traunstein\/traunstein_artikel,-rund-700-teilnehmer-demonstrierten-in-traunstein-fuer-das-klima-_arid,519518.html\">https:\/\/www.traunsteiner-tagblatt.de\/region\/landkreis-traunstein\/traunstein_artikel,-rund-700-teilnehmer-demonstrierten-in-traunstein-fuer-das-klima-_arid,519518.html<\/a><\/cite><\/blockquote>\n\n\n\n<h2 id=\"grune-wollen-den-klimanotstand-ausrufen-lassen\">Gr\u00fcne wollen den &#8222;Klimanotstand&#8220; ausrufen lassen<\/h2>\n\n\n\n<blockquote class=\"wp-block-quote\"><p>Die Gr\u00fcnen wollen, dass die Stadt Traunstein offiziell den \u201eKlima-Notstand\u201c ausruft. Einen entsprechenden Antrag haben sie an den Stadtrat gestellt.<\/p><cite>14. August 2019 &#8211; <a href=\"https:\/\/www.bayernwelle.de\/chiemgau-und-rupertiwinkel\/gruene-wollen-den-klimanotstand-ausrufen-lassen\">https:\/\/www.bayernwelle.de\/chiemgau-und-rupertiwinkel\/gruene-wollen-den-klimanotstand-ausrufen-lassen<\/a><\/cite><\/blockquote>\n\n\n\n<h2 id=\"grune-diskutierten-uber-bildungscampus-traunstein-wir-planen-wie-vor-20-jahren\">Gr\u00fcne diskutierten \u00fcber Bildungscampus Traunstein: \u00bbWir planen wie vor 20 Jahren\u00ab<\/h2>\n\n\n\n<blockquote class=\"wp-block-quote\"><p>Die Verkehrssituation am Annette-Kolb-Gymnasium jeden Morgen und auch mittags sei schon heute chaotisch und werde durch dem Campus nicht besser werden. Patrick Nepper fragte: \u00bbWie wollen wir den Verkehr gestalten, dass wir nicht auf einen totalen Infarkt hinlaufen?\u00ab<\/p><cite>14. Mai 2019 &#8211; <a href=\"https:\/\/www.traunsteiner-tagblatt.de\/region\/landkreis-traunstein\/traunstein_artikel,-gruene-diskutierten-ueber-bildungscampus-traunstein-wir-planen-wie-vor-20-jahren-_arid,490151.html\">https:\/\/www.traunsteiner-tagblatt.de\/region\/landkreis-traunstein\/traunstein_artikel,-gruene-diskutierten-ueber-bildungscampus-traunstein-wir-planen-wie-vor-20-jahren-_arid,490151.html<\/a><\/cite><\/blockquote>\n\n\n\n<h2 id=\"europa-hat-uns-viel-gebracht-beim-naturschutz-und-anderswo\">&#8222;Europa hat uns viel gebracht &#8211; beim Naturschutz und anderswo&#8220;<\/h2>\n\n\n\n<blockquote class=\"wp-block-quote\"><p>Patrick Nepper meinte, dass den meisten Leuten der positive Einfluss der EU im t\u00e4glichen Leben gar nicht bewusst ist und er bem\u00e4ngelte dar\u00fcber hinaus:&nbsp;<strong>&#8222;Wenn aufgrund von EU-Richtlinien etwas gelingt, dann beansprucht unsere Regierung den Erfolg f\u00fcr sich, wenn etwas schief geht, dann ist die EU schuld&#8220;<\/strong>. Eine Dame erg\u00e4nzte mit einem Beispiel: &#8222;Und wenn in Traunstein die Schulessen-Versorgung daneben geht, dann ist die Ausschreibungsvorschrift der EU schuld&#8220;\u201c.<\/p><cite>19. M\u00e4rz 2019 &#8211; <a href=\"https:\/\/www.chiemgau24.de\/chiemgau\/traunstein\/traunstein-ort29586\/traunstein-gruenen-themenabend-buendnis-90die-gruenen-bund-11866436.html\">https:\/\/www.chiemgau24.de\/chiemgau\/traunstein\/traunstein-ort29586\/traunstein-gruenen-themenabend-buendnis-90die-gruenen-bund-11866436.html<\/a><\/cite><\/blockquote>\n\n\n\n<h2 id=\"lebhafte-debatten-bei-burgerversammlung-wohnen-und-parken-zentrale-themen\">Lebhafte&nbsp;Debatten bei B\u00fcrgerversammlung \u2013 Wohnen und Parken zentrale Themen<\/h2>\n\n\n\n<blockquote class=\"wp-block-quote\"><p>Patrick Nepper kritisierte die m\u00f6gliche Asphaltierung des Geh- und Radwegs zwischen Traunstein und Siegsdorf. Er warb f\u00fcr den Ausbau anderer Radwege.&nbsp;<\/p><cite>15. Februar 2019 &#8211; <a href=\"https:\/\/www.traunsteiner-tagblatt.de\/region\/landkreis-traunstein\/traunstein_artikel,-lebhafte-debatten-bei-buergerversammlung-wohnen-und-parken-zentrale-themen-_arid,470801.html\">https:\/\/www.traunsteiner-tagblatt.de\/region\/landkreis-traunstein\/traunstein_artikel,-lebhafte-debatten-bei-buergerversammlung-wohnen-und-parken-zentrale-themen-_arid,470801.html<\/a><\/cite><\/blockquote>\n\n\n\n<h2 id=\"stadler-und-worner-bleiben-sprecher\">Stadler und W\u00f6rner bleiben Sprecher<\/h2>\n\n\n\n<blockquote class=\"wp-block-quote\"><p>Und f\u00fcr den frisch gew\u00e4hlten Beisitzer Patrick Nepper ist das Fl\u00e4chensparen ein Kernthema, das in jedem Ort, auch in Traunstein, umgesetzt werden muss, um den Klimawandel nicht noch weiter zu bef\u00f6rdern.<\/p><cite>10. November 2018 &#8211; <a href=\"https:\/\/www.ovb-online.de\/rosenheim\/chiemgau\/stadler-woerner-bleiben-sprecher-10545559.html\">https:\/\/www.ovb-online.de\/rosenheim\/chiemgau\/stadler-woerner-bleiben-sprecher-10545559.html<\/a><\/cite><\/blockquote>\n\n\n\n<p><\/p>\n","protected":false},"excerpt":{"rendered":"<p>Kein Ergebnis beim Traunsteiner Klimaentscheid Zu kurze Informationskampagne f\u00fcr die Traunsteiner?Der Gr\u00fcnen-Stadtrat Patrick Nepper f\u00fchrt die geringe Wahlbeteiligung auf die recht kurze Informationskampagne der Stadt \u00fcber den Klimaplan und B\u00fcrgerentscheid&#8230; <\/p>\n","protected":false},"author":1,"featured_media":0,"parent":0,"menu_order":0,"comment_status":"closed","ping_status":"closed","template":"","meta":[],"_links":{"self":[{"href":"https:\/\/patrick-nepper.de\/index.php?rest_route=\/wp\/v2\/pages\/85"}],"collection":[{"href":"https:\/\/patrick-nepper.de\/index.php?rest_route=\/wp\/v2\/pages"}],"about":[{"href":"https:\/\/patrick-nepper.de\/index.php?rest_route=\/wp\/v2\/types\/page"}],"author":[{"embeddable":true,"href":"https:\/\/patrick-nepper.de\/index.php?rest_route=\/wp\/v2\/users\/1"}],"replies":[{"embeddable":true,"href":"https:\/\/patrick-nepper.de\/index.php?rest_route=%2Fwp%2Fv2%2Fcomments&post=85"}],"version-history":[{"count":26,"href":"https:\/\/patrick-nepper.de\/index.php?rest_route=\/wp\/v2\/pages\/85\/revisions"}],"predecessor-version":[{"id":315,"href":"https:\/\/patrick-nepper.de\/index.php?rest_route=\/wp\/v2\/pages\/85\/revisions\/315"}],"wp:attachment":[{"href":"https:\/\/patrick-nepper.de\/index.php?rest_route=%2Fwp%2Fv2%2Fmedia&parent=85"}],"curies":[{"name":"wp","href":"https:\/\/api.w.org\/{rel}","templated":true}]}}